{"id":579,"date":"2019-09-20T10:58:09","date_gmt":"2019-09-20T08:58:09","guid":{"rendered":"https:\/\/e-medine.org\/journal\/"},"modified":"2024-09-18T16:14:52","modified_gmt":"2024-09-18T14:14:52","slug":"journal","status":"publish","type":"page","link":"https:\/\/e-medine.org\/it\/journal\/","title":{"rendered":"JOurnal"},"content":{"rendered":"\t\t<div data-elementor-type=\"wp-post\" data-elementor-id=\"579\" class=\"elementor elementor-579 elementor-574\" data-elementor-post-type=\"page\">\n\t\t\t\t\t\t<section class=\"elementor-section elementor-top-section elementor-element elementor-element-10afd0f elementor-section-boxed elementor-section-height-default elementor-section-height-default\" data-id=\"10afd0f\" data-element_type=\"section\" data-e-type=\"section\" data-settings=\"{&quot;background_background&quot;:&quot;classic&quot;}\">\n\t\t\t\t\t\t<div class=\"elementor-container elementor-column-gap-wider\">\n\t\t\t\t\t<div class=\"elementor-column elementor-col-100 elementor-top-column elementor-element elementor-element-37ab840\" data-id=\"37ab840\" data-element_type=\"column\" data-e-type=\"column\">\n\t\t\t<div class=\"elementor-widget-wrap elementor-element-populated\">\n\t\t\t\t\t\t<div class=\"elementor-element elementor-element-90af8a8 elementor-widget elementor-widget-heading\" data-id=\"90af8a8\" data-element_type=\"widget\" data-e-type=\"widget\" data-widget_type=\"heading.default\">\n\t\t\t\t<div class=\"elementor-widget-container\">\n\t\t\t\t\t<h1 class=\"elementor-heading-title elementor-size-default\">JOurnal<\/h1>\t\t\t\t<\/div>\n\t\t\t\t<\/div>\n\t\t\t\t\t<\/div>\n\t\t<\/div>\n\t\t\t\t\t<\/div>\n\t\t<\/section>\n\t\t\t\t<section class=\"elementor-section elementor-top-section elementor-element elementor-element-1d6d8b56 elementor-section-boxed elementor-section-height-default elementor-section-height-default\" data-id=\"1d6d8b56\" data-element_type=\"section\" data-e-type=\"section\" data-settings=\"{&quot;background_background&quot;:&quot;classic&quot;}\">\n\t\t\t\t\t\t<div class=\"elementor-container elementor-column-gap-extended\">\n\t\t\t\t\t<div class=\"elementor-column elementor-col-100 elementor-top-column elementor-element elementor-element-419518ea\" data-id=\"419518ea\" data-element_type=\"column\" data-e-type=\"column\">\n\t\t\t<div class=\"elementor-widget-wrap elementor-element-populated\">\n\t\t\t\t\t\t<div class=\"elementor-element elementor-element-67d54d6 elementor-grid-3 elementor-grid-tablet-2 elementor-grid-mobile-1 elementor-posts--thumbnail-top elementor-card-shadow-yes elementor-posts__hover-gradient elementor-widget elementor-widget-posts\" data-id=\"67d54d6\" data-element_type=\"widget\" data-e-type=\"widget\" data-settings=\"{&quot;pagination_type&quot;:&quot;numbers_and_prev_next&quot;,&quot;cards_columns&quot;:&quot;3&quot;,&quot;cards_columns_tablet&quot;:&quot;2&quot;,&quot;cards_columns_mobile&quot;:&quot;1&quot;,&quot;cards_row_gap&quot;:{&quot;unit&quot;:&quot;px&quot;,&quot;size&quot;:35,&quot;sizes&quot;:[]},&quot;cards_row_gap_tablet&quot;:{&quot;unit&quot;:&quot;px&quot;,&quot;size&quot;:&quot;&quot;,&quot;sizes&quot;:[]},&quot;cards_row_gap_mobile&quot;:{&quot;unit&quot;:&quot;px&quot;,&quot;size&quot;:&quot;&quot;,&quot;sizes&quot;:[]}}\" data-widget_type=\"posts.cards\">\n\t\t\t\t<div class=\"elementor-widget-container\">\n\t\t\t\t\t\t\t<div class=\"elementor-posts-container elementor-posts elementor-posts--skin-cards elementor-grid\" role=\"list\">\n\t\t\t\t<article class=\"elementor-post elementor-grid-item post-5211 post type-post status-publish format-standard has-post-thumbnail hentry category-non-categorizzato\" role=\"listitem\">\n\t\t\t<div class=\"elementor-post__card\">\n\t\t\t\t<a class=\"elementor-post__thumbnail__link\" href=\"https:\/\/e-medine.org\/it\/volontariato-europeo-programmi-come-partecipare\/\" tabindex=\"-1\"><div class=\"elementor-post__thumbnail\"><img fetchpriority=\"high\" decoding=\"async\" width=\"768\" height=\"417\" src=\"https:\/\/media.e-medine.org\/e-medine.org\/wp-content\/uploads\/2026\/03\/Volontariato-europeo-1-sito-IT-768x417.jpg\" class=\"attachment-medium_large size-medium_large wp-image-5212\" alt=\"volontariato europeo\" srcset=\"https:\/\/media.e-medine.org\/e-medine.org\/wp-content\/uploads\/2026\/03\/Volontariato-europeo-1-sito-IT-768x417.jpg 768w, https:\/\/media.e-medine.org\/e-medine.org\/wp-content\/uploads\/2026\/03\/Volontariato-europeo-1-sito-IT-300x163.jpg 300w, https:\/\/media.e-medine.org\/e-medine.org\/wp-content\/uploads\/2026\/03\/Volontariato-europeo-1-sito-IT-1024x556.jpg 1024w, https:\/\/media.e-medine.org\/e-medine.org\/wp-content\/uploads\/2026\/03\/Volontariato-europeo-1-sito-IT.jpg 1400w\" sizes=\"(max-width: 768px) 100vw, 768px\" \/><\/div><\/a>\n\t\t\t\t<div class=\"elementor-post__text\">\n\t\t\t\t<h3 class=\"elementor-post__title\">\n\t\t\t<a href=\"https:\/\/e-medine.org\/it\/volontariato-europeo-programmi-come-partecipare\/\">\n\t\t\t\tVolontariato europeo: cos\u2019\u00e8, come funziona e principali programmi. Scopri come partecipare [guida]\t\t\t<\/a>\n\t\t<\/h3>\n\t\t\t\t<div class=\"elementor-post__excerpt\">\n\t\t\t<p>Il volontariato europeo \u00e8 pi\u00f9 di un\u2019esperienza altruistica: si configura come un\u2019occasione di crescita umana, professionale e multiculturale. Possono aderirvi i giovani adulti che vogliano<\/p>\n\t\t<\/div>\n\t\t\t\t\t<div class=\"elementor-post__read-more-wrapper\">\n\t\t\n\t\t<a class=\"elementor-post__read-more\" href=\"https:\/\/e-medine.org\/it\/volontariato-europeo-programmi-come-partecipare\/\" aria-label=\"Read more about Volontariato europeo: cos\u2019\u00e8, come funziona e principali programmi. Scopri come partecipare [guida]\" tabindex=\"-1\">\n\t\t\tLeggi tutto \u00bb\t\t<\/a>\n\n\t\t\t\t\t<\/div>\n\t\t\t\t<\/div>\n\t\t\t\t<div class=\"elementor-post__meta-data\">\n\t\t\t\t\t<span class=\"elementor-post-date\">\n\t\t\t2 Marzo 2026\t\t<\/span>\n\t\t\t\t<\/div>\n\t\t\t\t\t<\/div>\n\t\t<\/article>\n\t\t\t\t<article class=\"elementor-post elementor-grid-item post-4857 post type-post status-publish format-standard has-post-thumbnail hentry category-non-categorizzato\" role=\"listitem\">\n\t\t\t<div class=\"elementor-post__card\">\n\t\t\t\t<a class=\"elementor-post__thumbnail__link\" href=\"https:\/\/e-medine.org\/it\/migranti-climatici-rifugiati-climatici-oim-unhcr\/\" tabindex=\"-1\"><div class=\"elementor-post__thumbnail\"><img decoding=\"async\" width=\"768\" height=\"417\" src=\"https:\/\/media.e-medine.org\/e-medine.org\/wp-content\/uploads\/2025\/07\/Migranti-climatici-1-sito-IT-768x417.jpg\" class=\"attachment-medium_large size-medium_large wp-image-4849\" alt=\"migranti climatici\" srcset=\"https:\/\/media.e-medine.org\/e-medine.org\/wp-content\/uploads\/2025\/07\/Migranti-climatici-1-sito-IT-768x417.jpg 768w, https:\/\/media.e-medine.org\/e-medine.org\/wp-content\/uploads\/2025\/07\/Migranti-climatici-1-sito-IT-300x163.jpg 300w, https:\/\/media.e-medine.org\/e-medine.org\/wp-content\/uploads\/2025\/07\/Migranti-climatici-1-sito-IT-1024x556.jpg 1024w, https:\/\/media.e-medine.org\/e-medine.org\/wp-content\/uploads\/2025\/07\/Migranti-climatici-1-sito-IT.jpg 1400w\" sizes=\"(max-width: 768px) 100vw, 768px\" \/><\/div><\/a>\n\t\t\t\t<div class=\"elementor-post__text\">\n\t\t\t\t<h3 class=\"elementor-post__title\">\n\t\t\t<a href=\"https:\/\/e-medine.org\/it\/migranti-climatici-rifugiati-climatici-oim-unhcr\/\">\n\t\t\t\tMigranti climatici: chi sono? Differenze con i rifugiati climatici e tutele legali\t\t\t<\/a>\n\t\t<\/h3>\n\t\t\t\t<div class=\"elementor-post__excerpt\">\n\t\t\t<p>Secondo l\u2019Organizzazione Internazionale per le Migrazioni (OIM), i migranti climatici sono persone o gruppi di persone che, a causa di cambiamenti climatici improvvisi o graduali,<\/p>\n\t\t<\/div>\n\t\t\t\t\t<div class=\"elementor-post__read-more-wrapper\">\n\t\t\n\t\t<a class=\"elementor-post__read-more\" href=\"https:\/\/e-medine.org\/it\/migranti-climatici-rifugiati-climatici-oim-unhcr\/\" aria-label=\"Read more about Migranti climatici: chi sono? Differenze con i rifugiati climatici e tutele legali\" tabindex=\"-1\">\n\t\t\tLeggi tutto \u00bb\t\t<\/a>\n\n\t\t\t\t\t<\/div>\n\t\t\t\t<\/div>\n\t\t\t\t<div class=\"elementor-post__meta-data\">\n\t\t\t\t\t<span class=\"elementor-post-date\">\n\t\t\t4 Luglio 2025\t\t<\/span>\n\t\t\t\t<\/div>\n\t\t\t\t\t<\/div>\n\t\t<\/article>\n\t\t\t\t<article class=\"elementor-post elementor-grid-item post-4662 post type-post status-publish format-standard has-post-thumbnail hentry category-non-categorizzato\" role=\"listitem\">\n\t\t\t<div class=\"elementor-post__card\">\n\t\t\t\t<a class=\"elementor-post__thumbnail__link\" href=\"https:\/\/e-medine.org\/it\/ecdl-icdl-eipass-cos-e-come-ottenerla\/\" tabindex=\"-1\"><div class=\"elementor-post__thumbnail\"><img decoding=\"async\" width=\"768\" height=\"417\" src=\"https:\/\/media.e-medine.org\/e-medine.org\/wp-content\/uploads\/2025\/02\/ECDL-ICDL-1-sito-IT-768x417.jpg\" class=\"attachment-medium_large size-medium_large wp-image-4665\" alt=\"ECDL ICDL\" srcset=\"https:\/\/media.e-medine.org\/e-medine.org\/wp-content\/uploads\/2025\/02\/ECDL-ICDL-1-sito-IT-768x417.jpg 768w, https:\/\/media.e-medine.org\/e-medine.org\/wp-content\/uploads\/2025\/02\/ECDL-ICDL-1-sito-IT-300x163.jpg 300w, https:\/\/media.e-medine.org\/e-medine.org\/wp-content\/uploads\/2025\/02\/ECDL-ICDL-1-sito-IT-1024x556.jpg 1024w, https:\/\/media.e-medine.org\/e-medine.org\/wp-content\/uploads\/2025\/02\/ECDL-ICDL-1-sito-IT.jpg 1400w\" sizes=\"(max-width: 768px) 100vw, 768px\" \/><\/div><\/a>\n\t\t\t\t<div class=\"elementor-post__text\">\n\t\t\t\t<h3 class=\"elementor-post__title\">\n\t\t\t<a href=\"https:\/\/e-medine.org\/it\/ecdl-icdl-eipass-cos-e-come-ottenerla\/\">\n\t\t\t\tECDL patente europea computer, oggi ICDL [ecco come ottenerla in 5 step!]\t\t\t<\/a>\n\t\t<\/h3>\n\t\t\t\t<div class=\"elementor-post__excerpt\">\n\t\t\t<p>Avrai sicuramente sentito parlare della certificazione ECDL (European Computer Driving Licence), oggi ICDL (International Certification of Digital Literacy), ma non hai mai trovato il tempo<\/p>\n\t\t<\/div>\n\t\t\t\t\t<div class=\"elementor-post__read-more-wrapper\">\n\t\t\n\t\t<a class=\"elementor-post__read-more\" href=\"https:\/\/e-medine.org\/it\/ecdl-icdl-eipass-cos-e-come-ottenerla\/\" aria-label=\"Read more about ECDL patente europea computer, oggi ICDL [ecco come ottenerla in 5 step!]\" tabindex=\"-1\">\n\t\t\tLeggi tutto \u00bb\t\t<\/a>\n\n\t\t\t\t\t<\/div>\n\t\t\t\t<\/div>\n\t\t\t\t<div class=\"elementor-post__meta-data\">\n\t\t\t\t\t<span class=\"elementor-post-date\">\n\t\t\t13 Febbraio 2025\t\t<\/span>\n\t\t\t\t<\/div>\n\t\t\t\t\t<\/div>\n\t\t<\/article>\n\t\t\t\t<article class=\"elementor-post elementor-grid-item post-4583 post type-post status-publish format-standard has-post-thumbnail hentry category-temi-sociali\" role=\"listitem\">\n\t\t\t<div class=\"elementor-post__card\">\n\t\t\t\t<a class=\"elementor-post__thumbnail__link\" href=\"https:\/\/e-medine.org\/it\/ong-organizzazioni-non-governative-ue-cosa-sono\/\" tabindex=\"-1\"><div class=\"elementor-post__thumbnail\"><img loading=\"lazy\" decoding=\"async\" width=\"768\" height=\"417\" src=\"https:\/\/media.e-medine.org\/e-medine.org\/wp-content\/uploads\/2024\/07\/ONG-1-sito-IT-768x417.jpg\" class=\"attachment-medium_large size-medium_large wp-image-4584\" alt=\"\" srcset=\"https:\/\/media.e-medine.org\/e-medine.org\/wp-content\/uploads\/2024\/07\/ONG-1-sito-IT-768x417.jpg 768w, https:\/\/media.e-medine.org\/e-medine.org\/wp-content\/uploads\/2024\/07\/ONG-1-sito-IT-300x163.jpg 300w, https:\/\/media.e-medine.org\/e-medine.org\/wp-content\/uploads\/2024\/07\/ONG-1-sito-IT-1024x556.jpg 1024w, https:\/\/media.e-medine.org\/e-medine.org\/wp-content\/uploads\/2024\/07\/ONG-1-sito-IT.jpg 1400w\" sizes=\"(max-width: 768px) 100vw, 768px\" \/><\/div><\/a>\n\t\t\t\t<div class=\"elementor-post__text\">\n\t\t\t\t<h3 class=\"elementor-post__title\">\n\t\t\t<a href=\"https:\/\/e-medine.org\/it\/ong-organizzazioni-non-governative-ue-cosa-sono\/\">\n\t\t\t\tONG in Italia e in Europa: 3 caratteristiche comuni. Elenco organizzazioni non governative che trattano temi europei\t\t\t<\/a>\n\t\t<\/h3>\n\t\t\t\t<div class=\"elementor-post__excerpt\">\n\t\t\t<p>Una organizzazione non governativa (ONG) opera in settori \u201cdelicati\u201d: i diritti umani, l\u2019ambiente, la salute o l\u2019educazione. Ma cosa significa ONG? Quali sono le caratteristiche<\/p>\n\t\t<\/div>\n\t\t\t\t\t<div class=\"elementor-post__read-more-wrapper\">\n\t\t\n\t\t<a class=\"elementor-post__read-more\" href=\"https:\/\/e-medine.org\/it\/ong-organizzazioni-non-governative-ue-cosa-sono\/\" aria-label=\"Read more about ONG in Italia e in Europa: 3 caratteristiche comuni. Elenco organizzazioni non governative che trattano temi europei\" tabindex=\"-1\">\n\t\t\tLeggi tutto \u00bb\t\t<\/a>\n\n\t\t\t\t\t<\/div>\n\t\t\t\t<\/div>\n\t\t\t\t<div class=\"elementor-post__meta-data\">\n\t\t\t\t\t<span class=\"elementor-post-date\">\n\t\t\t17 Luglio 2024\t\t<\/span>\n\t\t\t\t<\/div>\n\t\t\t\t\t<\/div>\n\t\t<\/article>\n\t\t\t\t<article class=\"elementor-post elementor-grid-item post-4403 post type-post status-publish format-standard has-post-thumbnail hentry category-non-categorizzato\" role=\"listitem\">\n\t\t\t<div class=\"elementor-post__card\">\n\t\t\t\t<a class=\"elementor-post__thumbnail__link\" href=\"https:\/\/e-medine.org\/it\/cittadinanza-attiva-cambiamento-democrazia\/\" tabindex=\"-1\"><div class=\"elementor-post__thumbnail\"><img loading=\"lazy\" decoding=\"async\" width=\"768\" height=\"417\" src=\"https:\/\/media.e-medine.org\/e-medine.org\/wp-content\/uploads\/2024\/04\/Cittadinanza-attiva-1-sito-IT-768x417.jpg\" class=\"attachment-medium_large size-medium_large wp-image-4406\" alt=\"cittadinanza attiva\" srcset=\"https:\/\/media.e-medine.org\/e-medine.org\/wp-content\/uploads\/2024\/04\/Cittadinanza-attiva-1-sito-IT-768x417.jpg 768w, https:\/\/media.e-medine.org\/e-medine.org\/wp-content\/uploads\/2024\/04\/Cittadinanza-attiva-1-sito-IT-300x163.jpg 300w, https:\/\/media.e-medine.org\/e-medine.org\/wp-content\/uploads\/2024\/04\/Cittadinanza-attiva-1-sito-IT-1024x556.jpg 1024w, https:\/\/media.e-medine.org\/e-medine.org\/wp-content\/uploads\/2024\/04\/Cittadinanza-attiva-1-sito-IT.jpg 1400w\" sizes=\"(max-width: 768px) 100vw, 768px\" \/><\/div><\/a>\n\t\t\t\t<div class=\"elementor-post__text\">\n\t\t\t\t<h3 class=\"elementor-post__title\">\n\t\t\t<a href=\"https:\/\/e-medine.org\/it\/cittadinanza-attiva-cambiamento-democrazia\/\">\n\t\t\t\tCittadinanza attiva 2.0: cos\u2019\u00e8 e come partecipare al cambiamento\t\t\t<\/a>\n\t\t<\/h3>\n\t\t\t\t<div class=\"elementor-post__excerpt\">\n\t\t\t<p>In un mondo sempre pi\u00f9 frenetico, dove il \u201ctutto e subito\u201d \u00e8 il mantra dominante e i concetti di conoscenza, cultura e curiosit\u00e0 sono sempre<\/p>\n\t\t<\/div>\n\t\t\t\t\t<div class=\"elementor-post__read-more-wrapper\">\n\t\t\n\t\t<a class=\"elementor-post__read-more\" href=\"https:\/\/e-medine.org\/it\/cittadinanza-attiva-cambiamento-democrazia\/\" aria-label=\"Read more about Cittadinanza attiva 2.0: cos\u2019\u00e8 e come partecipare al cambiamento\" tabindex=\"-1\">\n\t\t\tLeggi tutto \u00bb\t\t<\/a>\n\n\t\t\t\t\t<\/div>\n\t\t\t\t<\/div>\n\t\t\t\t<div class=\"elementor-post__meta-data\">\n\t\t\t\t\t<span class=\"elementor-post-date\">\n\t\t\t5 Aprile 2024\t\t<\/span>\n\t\t\t\t<\/div>\n\t\t\t\t\t<\/div>\n\t\t<\/article>\n\t\t\t\t<article class=\"elementor-post elementor-grid-item post-4309 post type-post status-publish format-standard has-post-thumbnail hentry category-non-categorizzato\" role=\"listitem\">\n\t\t\t<div class=\"elementor-post__card\">\n\t\t\t\t<a class=\"elementor-post__thumbnail__link\" href=\"https:\/\/e-medine.org\/it\/educazione-alla-cittadinanza-digitale-cos-e-web-30\/\" tabindex=\"-1\"><div class=\"elementor-post__thumbnail\"><img loading=\"lazy\" decoding=\"async\" width=\"768\" height=\"417\" src=\"https:\/\/media.e-medine.org\/e-medine.org\/wp-content\/uploads\/2024\/02\/Educazione-alla-cittadinanza-digitale-1-sito-IT-768x417.jpg\" class=\"attachment-medium_large size-medium_large wp-image-4312\" alt=\"educazione alla cittadinanza digitale\" srcset=\"https:\/\/media.e-medine.org\/e-medine.org\/wp-content\/uploads\/2024\/02\/Educazione-alla-cittadinanza-digitale-1-sito-IT-768x417.jpg 768w, https:\/\/media.e-medine.org\/e-medine.org\/wp-content\/uploads\/2024\/02\/Educazione-alla-cittadinanza-digitale-1-sito-IT-300x163.jpg 300w, https:\/\/media.e-medine.org\/e-medine.org\/wp-content\/uploads\/2024\/02\/Educazione-alla-cittadinanza-digitale-1-sito-IT-1024x556.jpg 1024w, https:\/\/media.e-medine.org\/e-medine.org\/wp-content\/uploads\/2024\/02\/Educazione-alla-cittadinanza-digitale-1-sito-IT.jpg 1400w\" sizes=\"(max-width: 768px) 100vw, 768px\" \/><\/div><\/a>\n\t\t\t\t<div class=\"elementor-post__text\">\n\t\t\t\t<h3 class=\"elementor-post__title\">\n\t\t\t<a href=\"https:\/\/e-medine.org\/it\/educazione-alla-cittadinanza-digitale-cos-e-web-30\/\">\n\t\t\t\tEducazione alla cittadinanza digitale: cos\u2019\u00e8 e perch\u00e9 \u00e8 importante promuoverla nell\u2019era del web 3.0\t\t\t<\/a>\n\t\t<\/h3>\n\t\t\t\t<div class=\"elementor-post__excerpt\">\n\t\t\t<p>Proprio come navigare in alto mare richiede prudenza, cos\u00ec navigare in rete richiede abilit\u00e0 e consapevolezza. Entra in gioco allora il concetto di educazione alla<\/p>\n\t\t<\/div>\n\t\t\t\t\t<div class=\"elementor-post__read-more-wrapper\">\n\t\t\n\t\t<a class=\"elementor-post__read-more\" href=\"https:\/\/e-medine.org\/it\/educazione-alla-cittadinanza-digitale-cos-e-web-30\/\" aria-label=\"Read more about Educazione alla cittadinanza digitale: cos\u2019\u00e8 e perch\u00e9 \u00e8 importante promuoverla nell\u2019era del web 3.0\" tabindex=\"-1\">\n\t\t\tLeggi tutto \u00bb\t\t<\/a>\n\n\t\t\t\t\t<\/div>\n\t\t\t\t<\/div>\n\t\t\t\t<div class=\"elementor-post__meta-data\">\n\t\t\t\t\t<span class=\"elementor-post-date\">\n\t\t\t19 Febbraio 2024\t\t<\/span>\n\t\t\t\t<\/div>\n\t\t\t\t\t<\/div>\n\t\t<\/article>\n\t\t\t\t<article class=\"elementor-post elementor-grid-item post-4231 post type-post status-publish format-standard has-post-thumbnail hentry category-temi-sociali category-valori-europei\" role=\"listitem\">\n\t\t\t<div class=\"elementor-post__card\">\n\t\t\t\t<a class=\"elementor-post__thumbnail__link\" href=\"https:\/\/e-medine.org\/it\/inclusione-sociale-e-dinamiche-interculturali-ue\/\" tabindex=\"-1\"><div class=\"elementor-post__thumbnail\"><img loading=\"lazy\" decoding=\"async\" width=\"768\" height=\"417\" src=\"https:\/\/media.e-medine.org\/e-medine.org\/wp-content\/uploads\/2023\/11\/Inclusione-sociale-e-dinamiche-interculturali-1-sito-IT-768x417.jpg\" class=\"attachment-medium_large size-medium_large wp-image-4232\" alt=\"inclusione sociale e dinamiche interculturali\" srcset=\"https:\/\/media.e-medine.org\/e-medine.org\/wp-content\/uploads\/2023\/11\/Inclusione-sociale-e-dinamiche-interculturali-1-sito-IT-768x417.jpg 768w, https:\/\/media.e-medine.org\/e-medine.org\/wp-content\/uploads\/2023\/11\/Inclusione-sociale-e-dinamiche-interculturali-1-sito-IT-300x163.jpg 300w, https:\/\/media.e-medine.org\/e-medine.org\/wp-content\/uploads\/2023\/11\/Inclusione-sociale-e-dinamiche-interculturali-1-sito-IT-1024x556.jpg 1024w, https:\/\/media.e-medine.org\/e-medine.org\/wp-content\/uploads\/2023\/11\/Inclusione-sociale-e-dinamiche-interculturali-1-sito-IT.jpg 1400w\" sizes=\"(max-width: 768px) 100vw, 768px\" \/><\/div><\/a>\n\t\t\t\t<div class=\"elementor-post__text\">\n\t\t\t\t<h3 class=\"elementor-post__title\">\n\t\t\t<a href=\"https:\/\/e-medine.org\/it\/inclusione-sociale-e-dinamiche-interculturali-ue\/\">\n\t\t\t\tInclusione sociale e dinamiche interculturali: scopri le azioni e i programmi UE pi\u00f9 rilevanti\t\t\t<\/a>\n\t\t<\/h3>\n\t\t\t\t<div class=\"elementor-post__excerpt\">\n\t\t\t<p>In un\u2019epoca caratterizzata dall\u2019interconnessione globale, valori come inclusione sociale e dinamiche interculturali, parit\u00e0 di genere e tolleranza religiosa rappresentano temi cruciali per l\u2019agenda europea. L\u2019Unione<\/p>\n\t\t<\/div>\n\t\t\t\t\t<div class=\"elementor-post__read-more-wrapper\">\n\t\t\n\t\t<a class=\"elementor-post__read-more\" href=\"https:\/\/e-medine.org\/it\/inclusione-sociale-e-dinamiche-interculturali-ue\/\" aria-label=\"Read more about Inclusione sociale e dinamiche interculturali: scopri le azioni e i programmi UE pi\u00f9 rilevanti\" tabindex=\"-1\">\n\t\t\tLeggi tutto \u00bb\t\t<\/a>\n\n\t\t\t\t\t<\/div>\n\t\t\t\t<\/div>\n\t\t\t\t<div class=\"elementor-post__meta-data\">\n\t\t\t\t\t<span class=\"elementor-post-date\">\n\t\t\t21 Novembre 2023\t\t<\/span>\n\t\t\t\t<\/div>\n\t\t\t\t\t<\/div>\n\t\t<\/article>\n\t\t\t\t<article class=\"elementor-post elementor-grid-item post-4149 post type-post status-publish format-standard has-post-thumbnail hentry category-non-categorizzato category-non-categorizzato-2\" role=\"listitem\">\n\t\t\t<div class=\"elementor-post__card\">\n\t\t\t\t<a class=\"elementor-post__thumbnail__link\" href=\"https:\/\/e-medine.org\/it\/doppia-cittadinanza-ue-come-ottenerla-vantaggi\/\" tabindex=\"-1\"><div class=\"elementor-post__thumbnail\"><img loading=\"lazy\" decoding=\"async\" width=\"768\" height=\"417\" src=\"https:\/\/media.e-medine.org\/e-medine.org\/wp-content\/uploads\/2023\/10\/Doppia-cittadinanza-1-sito-IT-768x417.jpg\" class=\"attachment-medium_large size-medium_large wp-image-4150\" alt=\"doppia cittadinanza\" srcset=\"https:\/\/media.e-medine.org\/e-medine.org\/wp-content\/uploads\/2023\/10\/Doppia-cittadinanza-1-sito-IT-768x417.jpg 768w, https:\/\/media.e-medine.org\/e-medine.org\/wp-content\/uploads\/2023\/10\/Doppia-cittadinanza-1-sito-IT-300x163.jpg 300w, https:\/\/media.e-medine.org\/e-medine.org\/wp-content\/uploads\/2023\/10\/Doppia-cittadinanza-1-sito-IT-1024x556.jpg 1024w, https:\/\/media.e-medine.org\/e-medine.org\/wp-content\/uploads\/2023\/10\/Doppia-cittadinanza-1-sito-IT.jpg 1400w\" sizes=\"(max-width: 768px) 100vw, 768px\" \/><\/div><\/a>\n\t\t\t\t<div class=\"elementor-post__text\">\n\t\t\t\t<h3 class=\"elementor-post__title\">\n\t\t\t<a href=\"https:\/\/e-medine.org\/it\/doppia-cittadinanza-ue-come-ottenerla-vantaggi\/\">\n\t\t\t\tCome ottenere la doppia cittadinanza in UE: requisiti, guida ed esempi\t\t\t<\/a>\n\t\t<\/h3>\n\t\t\t\t<div class=\"elementor-post__excerpt\">\n\t\t\t<p>La doppia cittadinanza all\u2019interno dell\u2019Unione Europea ti permette di avere diritti, ma anche doveri, in due diversi Stati. Ci\u00f2 significa che nel caso in cui<\/p>\n\t\t<\/div>\n\t\t\t\t\t<div class=\"elementor-post__read-more-wrapper\">\n\t\t\n\t\t<a class=\"elementor-post__read-more\" href=\"https:\/\/e-medine.org\/it\/doppia-cittadinanza-ue-come-ottenerla-vantaggi\/\" aria-label=\"Read more about Come ottenere la doppia cittadinanza in UE: requisiti, guida ed esempi\" tabindex=\"-1\">\n\t\t\tLeggi tutto \u00bb\t\t<\/a>\n\n\t\t\t\t\t<\/div>\n\t\t\t\t<\/div>\n\t\t\t\t<div class=\"elementor-post__meta-data\">\n\t\t\t\t\t<span class=\"elementor-post-date\">\n\t\t\t20 Ottobre 2023\t\t<\/span>\n\t\t\t\t<\/div>\n\t\t\t\t\t<\/div>\n\t\t<\/article>\n\t\t\t\t<article class=\"elementor-post elementor-grid-item post-4072 post type-post status-publish format-standard has-post-thumbnail hentry category-non-categorizzato\" role=\"listitem\">\n\t\t\t<div class=\"elementor-post__card\">\n\t\t\t\t<a class=\"elementor-post__thumbnail__link\" href=\"https:\/\/e-medine.org\/it\/democrazia-europea-istituzioni-caratteristiche\/\" tabindex=\"-1\"><div class=\"elementor-post__thumbnail\"><img loading=\"lazy\" decoding=\"async\" width=\"768\" height=\"417\" src=\"https:\/\/media.e-medine.org\/e-medine.org\/wp-content\/uploads\/2023\/09\/Democrazia-europea-1-sito-IT-768x417.jpg\" class=\"attachment-medium_large size-medium_large wp-image-4073\" alt=\"democrazia europea\" srcset=\"https:\/\/media.e-medine.org\/e-medine.org\/wp-content\/uploads\/2023\/09\/Democrazia-europea-1-sito-IT-768x417.jpg 768w, https:\/\/media.e-medine.org\/e-medine.org\/wp-content\/uploads\/2023\/09\/Democrazia-europea-1-sito-IT-300x163.jpg 300w, https:\/\/media.e-medine.org\/e-medine.org\/wp-content\/uploads\/2023\/09\/Democrazia-europea-1-sito-IT-1024x556.jpg 1024w, https:\/\/media.e-medine.org\/e-medine.org\/wp-content\/uploads\/2023\/09\/Democrazia-europea-1-sito-IT.jpg 1400w\" sizes=\"(max-width: 768px) 100vw, 768px\" \/><\/div><\/a>\n\t\t\t\t<div class=\"elementor-post__text\">\n\t\t\t\t<h3 class=\"elementor-post__title\">\n\t\t\t<a href=\"https:\/\/e-medine.org\/it\/democrazia-europea-istituzioni-caratteristiche\/\">\n\t\t\t\tAlla scoperta della democrazia europea: istituzioni, caratteristiche e sfide\t\t\t<\/a>\n\t\t<\/h3>\n\t\t\t\t<div class=\"elementor-post__excerpt\">\n\t\t\t<p>La democrazia europea \u00e8 al centro del dialogo politico moderno; essa rappresenta l\u2019ideale di governance partecipativa e rappresentativa voluta dai padri fondatori dell\u2019Unione Europea. La<\/p>\n\t\t<\/div>\n\t\t\t\t\t<div class=\"elementor-post__read-more-wrapper\">\n\t\t\n\t\t<a class=\"elementor-post__read-more\" href=\"https:\/\/e-medine.org\/it\/democrazia-europea-istituzioni-caratteristiche\/\" aria-label=\"Read more about Alla scoperta della democrazia europea: istituzioni, caratteristiche e sfide\" tabindex=\"-1\">\n\t\t\tLeggi tutto \u00bb\t\t<\/a>\n\n\t\t\t\t\t<\/div>\n\t\t\t\t<\/div>\n\t\t\t\t<div class=\"elementor-post__meta-data\">\n\t\t\t\t\t<span class=\"elementor-post-date\">\n\t\t\t8 Settembre 2023\t\t<\/span>\n\t\t\t\t<\/div>\n\t\t\t\t\t<\/div>\n\t\t<\/article>\n\t\t\t\t<article class=\"elementor-post elementor-grid-item post-4006 post type-post status-publish format-standard has-post-thumbnail hentry category-non-categorizzato\" role=\"listitem\">\n\t\t\t<div class=\"elementor-post__card\">\n\t\t\t\t<a class=\"elementor-post__thumbnail__link\" href=\"https:\/\/e-medine.org\/it\/passaporto-europeo-come-ottenerlo-viaggio\/\" tabindex=\"-1\"><div class=\"elementor-post__thumbnail\"><img loading=\"lazy\" decoding=\"async\" width=\"768\" height=\"417\" src=\"https:\/\/media.e-medine.org\/e-medine.org\/wp-content\/uploads\/2023\/07\/Passaporto-europeo-1-sito-IT-768x417.jpg\" class=\"attachment-medium_large size-medium_large wp-image-4009\" alt=\"passaporto europeo\" srcset=\"https:\/\/media.e-medine.org\/e-medine.org\/wp-content\/uploads\/2023\/07\/Passaporto-europeo-1-sito-IT-768x417.jpg 768w, https:\/\/media.e-medine.org\/e-medine.org\/wp-content\/uploads\/2023\/07\/Passaporto-europeo-1-sito-IT-300x163.jpg 300w, https:\/\/media.e-medine.org\/e-medine.org\/wp-content\/uploads\/2023\/07\/Passaporto-europeo-1-sito-IT-1024x556.jpg 1024w, https:\/\/media.e-medine.org\/e-medine.org\/wp-content\/uploads\/2023\/07\/Passaporto-europeo-1-sito-IT.jpg 1400w\" sizes=\"(max-width: 768px) 100vw, 768px\" \/><\/div><\/a>\n\t\t\t\t<div class=\"elementor-post__text\">\n\t\t\t\t<h3 class=\"elementor-post__title\">\n\t\t\t<a href=\"https:\/\/e-medine.org\/it\/passaporto-europeo-come-ottenerlo-viaggio\/\">\n\t\t\t\tCome ottenere il passaporto europeo: requisiti e guida\t\t\t<\/a>\n\t\t<\/h3>\n\t\t\t\t<div class=\"elementor-post__excerpt\">\n\t\t\t<p>Il passaporto europeo \u00e8 il documento pi\u00f9 importante per tutti coloro che amano viaggiare senza ostacoli all\u2019interno dei 27 Stati membri dell\u2019Unione Europea e anche<\/p>\n\t\t<\/div>\n\t\t\t\t\t<div class=\"elementor-post__read-more-wrapper\">\n\t\t\n\t\t<a class=\"elementor-post__read-more\" href=\"https:\/\/e-medine.org\/it\/passaporto-europeo-come-ottenerlo-viaggio\/\" aria-label=\"Read more about Come ottenere il passaporto europeo: requisiti e guida\" tabindex=\"-1\">\n\t\t\tLeggi tutto \u00bb\t\t<\/a>\n\n\t\t\t\t\t<\/div>\n\t\t\t\t<\/div>\n\t\t\t\t<div class=\"elementor-post__meta-data\">\n\t\t\t\t\t<span class=\"elementor-post-date\">\n\t\t\t25 Luglio 2023\t\t<\/span>\n\t\t\t\t<\/div>\n\t\t\t\t\t<\/div>\n\t\t<\/article>\n\t\t\t\t<article class=\"elementor-post elementor-grid-item post-3929 post type-post status-publish format-standard has-post-thumbnail hentry category-non-categorizzato\" role=\"listitem\">\n\t\t\t<div class=\"elementor-post__card\">\n\t\t\t\t<a class=\"elementor-post__thumbnail__link\" href=\"https:\/\/e-medine.org\/it\/cittadinanza-digitale-europea-spid-cie-pec\/\" tabindex=\"-1\"><div class=\"elementor-post__thumbnail\"><img loading=\"lazy\" decoding=\"async\" width=\"768\" height=\"403\" src=\"https:\/\/media.e-medine.org\/e-medine.org\/wp-content\/uploads\/2023\/06\/Cittadinanza-digitale-europea-1-fb-IT-768x403.jpg\" class=\"attachment-medium_large size-medium_large wp-image-3932\" alt=\"cittadinanza digitale\" srcset=\"https:\/\/media.e-medine.org\/e-medine.org\/wp-content\/uploads\/2023\/06\/Cittadinanza-digitale-europea-1-fb-IT-768x403.jpg 768w, https:\/\/media.e-medine.org\/e-medine.org\/wp-content\/uploads\/2023\/06\/Cittadinanza-digitale-europea-1-fb-IT-300x158.jpg 300w, https:\/\/media.e-medine.org\/e-medine.org\/wp-content\/uploads\/2023\/06\/Cittadinanza-digitale-europea-1-fb-IT-1024x538.jpg 1024w, https:\/\/media.e-medine.org\/e-medine.org\/wp-content\/uploads\/2023\/06\/Cittadinanza-digitale-europea-1-fb-IT.jpg 1200w\" sizes=\"(max-width: 768px) 100vw, 768px\" \/><\/div><\/a>\n\t\t\t\t<div class=\"elementor-post__text\">\n\t\t\t\t<h3 class=\"elementor-post__title\">\n\t\t\t<a href=\"https:\/\/e-medine.org\/it\/cittadinanza-digitale-europea-spid-cie-pec\/\">\n\t\t\t\tCittadinanza digitale europea: tutto quello che c\u2019\u00e8 da sapere\t\t\t<\/a>\n\t\t<\/h3>\n\t\t\t\t<div class=\"elementor-post__excerpt\">\n\t\t\t<p>Accanto al concetto di cittadinanza europea c\u2019\u00e8 quello di cittadinanza digitale. La Commissione Europea ha infatti evidenziato quanto sia importante che l\u2019Europa non faccia affidamento<\/p>\n\t\t<\/div>\n\t\t\t\t\t<div class=\"elementor-post__read-more-wrapper\">\n\t\t\n\t\t<a class=\"elementor-post__read-more\" href=\"https:\/\/e-medine.org\/it\/cittadinanza-digitale-europea-spid-cie-pec\/\" aria-label=\"Read more about Cittadinanza digitale europea: tutto quello che c\u2019\u00e8 da sapere\" tabindex=\"-1\">\n\t\t\tLeggi tutto \u00bb\t\t<\/a>\n\n\t\t\t\t\t<\/div>\n\t\t\t\t<\/div>\n\t\t\t\t<div class=\"elementor-post__meta-data\">\n\t\t\t\t\t<span class=\"elementor-post-date\">\n\t\t\t16 Giugno 2023\t\t<\/span>\n\t\t\t\t<\/div>\n\t\t\t\t\t<\/div>\n\t\t<\/article>\n\t\t\t\t<article class=\"elementor-post elementor-grid-item post-3876 post type-post status-publish format-standard has-post-thumbnail hentry category-non-categorizzato\" role=\"listitem\">\n\t\t\t<div class=\"elementor-post__card\">\n\t\t\t\t<a class=\"elementor-post__thumbnail__link\" href=\"https:\/\/e-medine.org\/it\/cittadini-europei-diritti-ue\/\" tabindex=\"-1\"><div class=\"elementor-post__thumbnail\"><img loading=\"lazy\" decoding=\"async\" width=\"768\" height=\"417\" src=\"https:\/\/media.e-medine.org\/e-medine.org\/wp-content\/uploads\/2023\/05\/Diritti-europei-1-sito-IT-768x417.jpg\" class=\"attachment-medium_large size-medium_large wp-image-3879\" alt=\"cittadini europei\" srcset=\"https:\/\/media.e-medine.org\/e-medine.org\/wp-content\/uploads\/2023\/05\/Diritti-europei-1-sito-IT-768x417.jpg 768w, https:\/\/media.e-medine.org\/e-medine.org\/wp-content\/uploads\/2023\/05\/Diritti-europei-1-sito-IT-300x163.jpg 300w, https:\/\/media.e-medine.org\/e-medine.org\/wp-content\/uploads\/2023\/05\/Diritti-europei-1-sito-IT-1024x556.jpg 1024w, https:\/\/media.e-medine.org\/e-medine.org\/wp-content\/uploads\/2023\/05\/Diritti-europei-1-sito-IT.jpg 1400w\" sizes=\"(max-width: 768px) 100vw, 768px\" \/><\/div><\/a>\n\t\t\t\t<div class=\"elementor-post__text\">\n\t\t\t\t<h3 class=\"elementor-post__title\">\n\t\t\t<a href=\"https:\/\/e-medine.org\/it\/cittadini-europei-diritti-ue\/\">\n\t\t\t\tQuali diritti possiede un cittadino comunitario?\t\t\t<\/a>\n\t\t<\/h3>\n\t\t\t\t<div class=\"elementor-post__excerpt\">\n\t\t\t<p>I cittadini europei sono la concretizzazione del Trattato di Maastricht, l\u2019atto fondativo dell\u2019Unione Europea (UE), firmato il 7 febbraio 1992 ed entrato in vigore il<\/p>\n\t\t<\/div>\n\t\t\t\t\t<div class=\"elementor-post__read-more-wrapper\">\n\t\t\n\t\t<a class=\"elementor-post__read-more\" href=\"https:\/\/e-medine.org\/it\/cittadini-europei-diritti-ue\/\" aria-label=\"Read more about Quali diritti possiede un cittadino comunitario?\" tabindex=\"-1\">\n\t\t\tLeggi tutto \u00bb\t\t<\/a>\n\n\t\t\t\t\t<\/div>\n\t\t\t\t<\/div>\n\t\t\t\t<div class=\"elementor-post__meta-data\">\n\t\t\t\t\t<span class=\"elementor-post-date\">\n\t\t\t25 Maggio 2023\t\t<\/span>\n\t\t\t\t<\/div>\n\t\t\t\t\t<\/div>\n\t\t<\/article>\n\t\t\t\t<\/div>\n\t\t\n\t\t\t\t<div class=\"e-load-more-anchor\" data-page=\"1\" data-max-page=\"3\" data-next-page=\"https:\/\/e-medine.org\/it\/wp-json\/wp\/v2\/pages\/579\/page\/2\/\"><\/div>\n\t\t\t\t<nav class=\"elementor-pagination\" aria-label=\"Paginazione\">\n\t\t\t<span class=\"page-numbers prev\">&laquo; Precedente<\/span>\n<span aria-current=\"page\" class=\"page-numbers current\"><span class=\"elementor-screen-only\">Pagina<\/span>1<\/span>\n<a class=\"page-numbers\" href=\"https:\/\/e-medine.org\/it\/wp-json\/wp\/v2\/pages\/579\/page\/2\/\"><span class=\"elementor-screen-only\">Pagina<\/span>2<\/a>\n<a class=\"page-numbers\" href=\"https:\/\/e-medine.org\/it\/wp-json\/wp\/v2\/pages\/579\/page\/3\/\"><span class=\"elementor-screen-only\">Pagina<\/span>3<\/a>\n<a class=\"page-numbers next\" href=\"https:\/\/e-medine.org\/it\/wp-json\/wp\/v2\/pages\/579\/page\/2\/\">Successivo &raquo;<\/a>\t\t<\/nav>\n\t\t\t\t\t\t<\/div>\n\t\t\t\t<\/div>\n\t\t\t\t\t<\/div>\n\t\t<\/div>\n\t\t\t\t\t<\/div>\n\t\t<\/section>\n\t\t\t\t<\/div>\n\t\t","protected":false},"excerpt":{"rendered":"","protected":false},"author":8,"featured_media":4656,"parent":0,"menu_order":0,"comment_status":"closed","ping_status":"closed","template":"elementor_header_footer","meta":{"site-sidebar-layout":"no-sidebar","site-content-layout":"page-builder","ast-site-content-layout":"full-width-container","site-content-style":"unboxed","site-sidebar-style":"unboxed","ast-global-header-display":"","ast-banner-title-visibility":"","ast-main-header-display":"","ast-hfb-above-header-display":"","ast-hfb-below-header-display":"","ast-hfb-mobile-header-display":"","site-post-title":"disabled","ast-breadcrumbs-content":"","ast-featured-img":"disabled","footer-sml-layout":"","ast-disable-related-posts":"","theme-transparent-header-meta":"default","adv-header-id-meta":"","stick-header-meta":"","header-above-stick-meta":"","header-main-stick-meta":"","header-below-stick-meta":"","astra-migrate-meta-layouts":"set","ast-page-background-enabled":"default","ast-page-background-meta":{"desktop":{"background-color":"","background-image":"","background-repeat":"repeat","background-position":"center center","background-size":"auto","background-attachment":"scroll","background-type":"","background-media":"","overlay-type":"","overlay-color":"","overlay-opacity":"","overlay-gradient":""},"tablet":{"background-color":"","background-image":"","background-repeat":"repeat","background-position":"center center","background-size":"auto","background-attachment":"scroll","background-type":"","background-media":"","overlay-type":"","overlay-color":"","overlay-opacity":"","overlay-gradient":""},"mobile":{"background-color":"","background-image":"","background-repeat":"repeat","background-position":"center center","background-size":"auto","background-attachment":"scroll","background-type":"","background-media":"","overlay-type":"","overlay-color":"","overlay-opacity":"","overlay-gradient":""}},"ast-content-background-meta":{"desktop":{"background-color":"var(--ast-global-color-5)","background-image":"","background-repeat":"repeat","background-position":"center center","background-size":"auto","background-attachment":"scroll","background-type":"","background-media":"","overlay-type":"","overlay-color":"","overlay-opacity":"","overlay-gradient":""},"tablet":{"background-color":"var(--ast-global-color-5)","background-image":"","background-repeat":"repeat","background-position":"center center","background-size":"auto","background-attachment":"scroll","background-type":"","background-media":"","overlay-type":"","overlay-color":"","overlay-opacity":"","overlay-gradient":""},"mobile":{"background-color":"var(--ast-global-color-5)","background-image":"","background-repeat":"repeat","background-position":"center center","background-size":"auto","background-attachment":"scroll","background-type":"","background-media":"","overlay-type":"","overlay-color":"","overlay-opacity":"","overlay-gradient":""}},"footnotes":""},"class_list":["post-579","page","type-page","status-publish","has-post-thumbnail","hentry"],"_links":{"self":[{"href":"https:\/\/e-medine.org\/it\/wp-json\/wp\/v2\/pages\/579","targetHints":{"allow":["GET"]}}],"collection":[{"href":"https:\/\/e-medine.org\/it\/wp-json\/wp\/v2\/pages"}],"about":[{"href":"https:\/\/e-medine.org\/it\/wp-json\/wp\/v2\/types\/page"}],"author":[{"embeddable":true,"href":"https:\/\/e-medine.org\/it\/wp-json\/wp\/v2\/users\/8"}],"replies":[{"embeddable":true,"href":"https:\/\/e-medine.org\/it\/wp-json\/wp\/v2\/comments?post=579"}],"version-history":[{"count":34,"href":"https:\/\/e-medine.org\/it\/wp-json\/wp\/v2\/pages\/579\/revisions"}],"predecessor-version":[{"id":3997,"href":"https:\/\/e-medine.org\/it\/wp-json\/wp\/v2\/pages\/579\/revisions\/3997"}],"wp:featuredmedia":[{"embeddable":true,"href":"https:\/\/e-medine.org\/it\/wp-json\/wp\/v2\/media\/4656"}],"wp:attachment":[{"href":"https:\/\/e-medine.org\/it\/wp-json\/wp\/v2\/media?parent=579"}],"curies":[{"name":"wp","href":"https:\/\/api.w.org\/{rel}","templated":true}]}}